{"id":953,"date":"2025-03-12T19:47:01","date_gmt":"2025-03-12T19:47:01","guid":{"rendered":"https:\/\/caretrulyhealthcare.com\/?post_type=job_listing&#038;p=953"},"modified":"2025-04-07T19:54:15","modified_gmt":"2025-04-07T19:54:15","slug":"community-outreach-coordinator","status":"publish","type":"job_listing","link":"https:\/\/caretrulyhealthcare.com\/es\/job\/community-outreach-coordinator\/","title":{"rendered":"Coordinador de extensi\u00f3n comunitaria"},"content":{"rendered":"<p><strong>Resumen:<\/strong><\/p>\n<p>Bajo la direcci\u00f3n del Director de Marketing, el Coordinador de Relaciones Comunitarias es responsable de establecer relaciones, identificar las especificaciones de los clientes, promover los programas y servicios de la empresa, dar a conocer la visi\u00f3n y la misi\u00f3n de la empresa y supervisar todas las actividades de relaciones comunitarias con el objetivo de fomentar la participaci\u00f3n y el impacto positivo en la comunidad. Este puesto reporta al equipo directivo sobre el desarrollo e implementaci\u00f3n de iniciativas que aumentar\u00e1n la visibilidad de la empresa en las comunidades cercanas.<\/p>\n<div><strong style=\"letter-spacing: -0.015em;\">Naturaleza y alcance - Principales \u00e1reas de responsabilidad:<\/strong><\/div>\n<div>\n<div>\n<br \/>\n(Esta lista de deberes y responsabilidades no es exhaustiva y puede ampliarse para incluir otros deberes y responsabilidades, seg\u00fan lo considere necesario la gerencia en cada momento)<span style=\"font-family: NonBreakingSpaceOverride, 'Hoefler Text', 'Noto Serif', Garamond, 'Times New Roman', serif; letter-spacing: normal;\">\u2013<\/span><span style=\"letter-spacing: -0.015em;\">Realizar evaluaciones de las necesidades de la comunidad para identificar problemas clave y \u00e1reas donde la organizaci\u00f3n puede brindar ayuda. <\/span><span style=\"font-family: NonBreakingSpaceOverride, 'Hoefler Text', 'Noto Serif', Garamond, 'Times New Roman', serif; letter-spacing: normal;\">apoyo.<\/span><span style=\"letter-spacing: -0.015em;\">\u2013<\/span><span style=\"letter-spacing: -0.015em;\">Establecer y mantener relaciones con fuentes de referencia, incluidos hospitales, cl\u00ednicas y otros centros de atenci\u00f3n m\u00e9dica. <\/span><span style=\"font-family: 'Inter var', -apple-system, BlinkMacSystemFont, 'Helvetica Neue', Helvetica, sans-serif; letter-spacing: -0.015em;\">proveedores, para generar clientes potenciales.<\/span><span style=\"letter-spacing: -0.015em;\">\u2013<\/span><span style=\"letter-spacing: -0.015em;\">Desarrollar y ejecutar planes de divulgaci\u00f3n para promover los servicios de la agencia a clientes potenciales y la comunidad. <\/span><span style=\"font-family: 'Inter var', -apple-system, BlinkMacSystemFont, 'Helvetica Neue', Helvetica, sans-serif; letter-spacing: -0.015em;\">organizaciones y profesionales de la salud.<\/span><span style=\"font-family: 'Inter var', -apple-system, BlinkMacSystemFont, 'Helvetica Neue', Helvetica, sans-serif; letter-spacing: -0.015em;\">-Realizar presentaciones y sesiones informativas para educar a la comunidad y a los clientes potenciales sobre el<\/span><span style=\"font-family: 'Inter var', -apple-system, BlinkMacSystemFont, 'Helvetica Neue', Helvetica, sans-serif; letter-spacing: -0.015em;\">Servicios y beneficios de atenci\u00f3n domiciliaria de la agencia.<\/span><span style=\"letter-spacing: -0.015em;\">\u2013<\/span><span style=\"letter-spacing: -0.015em;\">Monitorear y analizar los esfuerzos de divulgaci\u00f3n, hacer un seguimiento de los clientes potenciales y proporcionar informes peri\u00f3dicos sobre las actividades de divulgaci\u00f3n y sus <\/span><span style=\"font-family: 'Inter var', -apple-system, BlinkMacSystemFont, 'Helvetica Neue', Helvetica, sans-serif; letter-spacing: -0.015em;\">Impacto en la adquisici\u00f3n de clientes.<\/span><span style=\"letter-spacing: -0.015em;\">\u2013<\/span><span style=\"letter-spacing: -0.015em;\">Organizar y participar en eventos comunitarios, ferias de salud y otras actividades promocionales para aumentar <\/span><span style=\"font-family: 'Inter var', -apple-system, BlinkMacSystemFont, 'Helvetica Neue', Helvetica, sans-serif; letter-spacing: -0.015em;\">Conocimiento de las ofertas de la agencia.<\/span><span style=\"letter-spacing: -0.015em;\">\u2013<\/span><span style=\"letter-spacing: -0.015em;\">Coordinar con los departamentos de admisi\u00f3n y programaci\u00f3n para garantizar una transici\u00f3n sin problemas para los nuevos clientes y <\/span><span style=\"letter-spacing: -0.015em;\">Facilitar una comunicaci\u00f3n efectiva entre los clientes y la agencia.<\/span><span style=\"font-family: 'Inter var', -apple-system, BlinkMacSystemFont, 'Helvetica Neue', Helvetica, sans-serif; letter-spacing: -0.015em;\">Coordina rondas diarias de marketing en toda la comunidad y sus alrededores. Distribuye material de marketing.<\/span><span style=\"font-family: 'Inter var', -apple-system, BlinkMacSystemFont, 'Helvetica Neue', Helvetica, sans-serif; letter-spacing: -0.015em;\">Materiales para aumentar la exposici\u00f3n de los servicios ofrecidos.<\/span><\/p>\n<\/div>\n<\/div>\n<div>\n<p><strong style=\"letter-spacing: -0.015em;\">Conocimientos\/Habilidades\/Capacidades especiales necesarias:<\/strong><\/p>\n<\/div>\n<div>\n<p>-Excelentes habilidades de comunicaci\u00f3n e interpersonales para construir una buena relaci\u00f3n con diversos miembros de la comunidad.<\/p>\n<p>-Pensamiento creativo para desarrollar estrategias y materiales de divulgaci\u00f3n atractivos.<\/p>\n<p>-Comprensi\u00f3n de la din\u00e1mica de la comunidad y capacidad para identificar a los actores clave.<\/p>\n<p><span style=\"font-family: 'Inter var', -apple-system, BlinkMacSystemFont, 'Helvetica Neue', Helvetica, sans-serif; letter-spacing: -0.015em;\">-Capacidad para interpretar una variedad de instrucciones proporcionadas en forma escrita, oral, diagrama o programa.<\/span><\/p>\n<p><span style=\"letter-spacing: -0.015em;\">\u2013<\/span><span style=\"letter-spacing: -0.015em;\">Se requiere la capacidad de desarrollar, planificar e implementar objetivos a corto y largo plazo.<\/span><\/p>\n<p><span style=\"letter-spacing: -0.015em;\">\u2013<\/span><span style=\"letter-spacing: -0.015em;\">Conocimiento de inform\u00e1tica, incluidos MS Office 365, Google Suite y sistemas de registro m\u00e9dico electr\u00f3nico.<\/span><\/p>\n<p><span style=\"letter-spacing: -0.015em;\">\u2013<\/span><span style=\"letter-spacing: -0.015em;\">Experiencia en oratoria y presentaciones.<\/span><\/p>\n<\/div>\n<div>\n<div>\n<p>Este documento y todos sus anexos pueden contener informaci\u00f3n confidencial. El uso y la divulgaci\u00f3n posterior de la informaci\u00f3n deben cumplir con las leyes, regulaciones y acuerdos aplicables. Si usted no es el destinatario previsto, se le notifica que cualquier divulgaci\u00f3n, copia, distribuci\u00f3n o acci\u00f3n basada en el contenido de este mensaje queda estrictamente prohibida. Destruya este mensaje de inmediato y notifique al remitente. Las opiniones, conclusiones y dem\u00e1s informaci\u00f3n contenida en este mensaje que no se relacionen con las actividades oficiales de esta Organizaci\u00f3n se entender\u00e1n como no emitidas ni respaldadas por ella.<\/p>\n<p><span style=\"letter-spacing: -0.015em;\">Directo: (414) 269-4550 | Fax: (414) 763-6110 3236 W. Loomis Rd. Greenfield, WI 53221<\/span><\/p>\n<\/div>\n<\/div>\n<div>\n<p>Descripci\u00f3n del puesto - Programaci\u00f3n - 8\/2021<\/p>\n<p>-Se requiere una licencia de conducir v\u00e1lida del estado de Wisconsin y un veh\u00edculo asegurado confiable para poder y estar dispuesto a viajar.<\/p>\n<p>-Se prefiere capacidad de leer, escribir y hablar ingl\u00e9s y espa\u00f1ol.<\/p>\n<div>\n<p><strong>Funciones esenciales:<\/strong><\/p>\n<\/div>\n<div>\n<p><strong>Exigencias f\u00edsicas:<\/strong> 80% sentado; 20% caminando\/de pie; ocasionalmente, el titular podr\u00eda tener que agacharse, doblarse o alcanzar objetos por encima de los hombros. Ocasionalmente, el titular debe levantar o mover hasta 11 kg. Las habilidades visuales espec\u00edficas requeridas para este puesto incluyen visi\u00f3n de cerca, visi\u00f3n de lejos y capacidad para ajustar el enfoque.<\/p>\n<div>\n<p><strong>Ambiente de trabajo: <\/strong>El puesto es principalmente en el campo con la opci\u00f3n de trabajar desde la oficina, cuando sea necesario.<\/p>\n<p>Las exigencias f\u00edsicas y las caracter\u00edsticas del entorno laboral descritas aqu\u00ed son representativas de las que el empleado puede encontrar al desempe\u00f1ar las funciones esenciales de este puesto. Se podr\u00e1n realizar adaptaciones razonables para que las personas con discapacidad puedan realizar dichas funciones.<\/p>\n<\/div>\n<div>\n<p>Esta descripci\u00f3n del puesto tiene como objetivo la evaluaci\u00f3n del puesto y la asignaci\u00f3n salarial, y no constituye un contrato que establezca el alcance completo del empleo. El agente se reserva el derecho de desviarse de la descripci\u00f3n a su discreci\u00f3n, sin previo aviso.<\/p>\n<\/div>\n<div>\n<p>Las declaraciones anteriores reflejan los detalles generales necesarios para describir las funciones principales de la ocupaci\u00f3n descrita y no deben interpretarse como una descripci\u00f3n detallada de todos los requisitos laborales que puedan ser inherentes a la ocupaci\u00f3n.<\/p>\n<\/div>\n<\/div>\n<\/div>","protected":false},"author":5,"featured_media":82,"template":"","meta":{"_promoted":"","_job_location":"","_application":"info@caretrulyhealthcare.com","_company_name":"Caretruly Healthcare","_company_website":"","_company_tagline":"Our family truly caring for you","_company_twitter":"","_company_video":"","_filled":0,"_featured":1,"_remote_position":0,"_job_salary":"","_job_salary_currency":"","_job_salary_unit":""},"job-types":[27],"class_list":{"0":"post-953","1":"job_listing","2":"type-job_listing","3":"status-publish","4":"has-post-thumbnail","5":"hentry","7":"job-type-full-time","8":"job_position_featured"},"aioseo_notices":[],"yoast_head":"<!-- This site is optimized with the Yoast SEO plugin v27.5 - https:\/\/yoast.com\/product\/yoast-seo-wordpress\/ -->\n<title>Community Outreach Coordinator - Caretruly<\/title>\n<meta name=\"robots\" content=\"index, follow, max-snippet:-1, max-image-preview:large, max-video-preview:-1\" \/>\n<link rel=\"canonical\" href=\"https:\/\/caretrulyhealthcare.com\/es\/job\/community-outreach-coordinator\/\" \/>\n<meta property=\"og:locale\" content=\"es_ES\" \/>\n<meta property=\"og:type\" content=\"article\" \/>\n<meta property=\"og:title\" content=\"Community Outreach Coordinator - Caretruly\" \/>\n<meta property=\"og:description\" content=\"Summary: Under the direction of the Marketing Director, the Community Outreach Coordinator is responsible for building relationships, identifying client specifications, promote company programs and services, raise awareness about company\u2019s vision and mission and monitor all community outreach activities with the goal of fostering positive community engagement and impact. This position reports to the management team [&hellip;]\" \/>\n<meta property=\"og:url\" content=\"https:\/\/caretrulyhealthcare.com\/es\/job\/community-outreach-coordinator\/\" \/>\n<meta property=\"og:site_name\" content=\"Caretruly\" \/>\n<meta property=\"article:modified_time\" content=\"2025-04-07T19:54:15+00:00\" \/>\n<meta property=\"og:image\" content=\"https:\/\/caretrulyhealthcare.com\/wp-content\/uploads\/2020\/08\/cropped-favicon-01.png\" \/>\n\t<meta property=\"og:image:width\" content=\"512\" \/>\n\t<meta property=\"og:image:height\" content=\"512\" \/>\n\t<meta property=\"og:image:type\" content=\"image\/png\" \/>\n<meta name=\"twitter:card\" content=\"summary_large_image\" \/>\n<meta name=\"twitter:label1\" content=\"Tiempo de lectura\" \/>\n\t<meta name=\"twitter:data1\" content=\"4 minutos\" \/>\n<script type=\"application\/ld+json\" class=\"yoast-schema-graph\">{\"@context\":\"https:\\\/\\\/schema.org\",\"@graph\":[{\"@type\":\"WebPage\",\"@id\":\"https:\\\/\\\/caretrulyhealthcare.com\\\/en\\\/job\\\/community-outreach-coordinator\\\/\",\"url\":\"https:\\\/\\\/caretrulyhealthcare.com\\\/en\\\/job\\\/community-outreach-coordinator\\\/\",\"name\":\"Community Outreach Coordinator - Caretruly\",\"isPartOf\":{\"@id\":\"https:\\\/\\\/caretrulyhealthcare.com\\\/en\\\/#website\"},\"primaryImageOfPage\":{\"@id\":\"https:\\\/\\\/caretrulyhealthcare.com\\\/en\\\/job\\\/community-outreach-coordinator\\\/#primaryimage\"},\"image\":{\"@id\":\"https:\\\/\\\/caretrulyhealthcare.com\\\/en\\\/job\\\/community-outreach-coordinator\\\/#primaryimage\"},\"thumbnailUrl\":\"https:\\\/\\\/caretrulyhealthcare.com\\\/wp-content\\\/uploads\\\/2020\\\/08\\\/cropped-favicon-01.png\",\"datePublished\":\"2025-03-12T19:47:01+00:00\",\"dateModified\":\"2025-04-07T19:54:15+00:00\",\"breadcrumb\":{\"@id\":\"https:\\\/\\\/caretrulyhealthcare.com\\\/en\\\/job\\\/community-outreach-coordinator\\\/#breadcrumb\"},\"inLanguage\":\"es\",\"potentialAction\":[{\"@type\":\"ReadAction\",\"target\":[\"https:\\\/\\\/caretrulyhealthcare.com\\\/en\\\/job\\\/community-outreach-coordinator\\\/\"]}]},{\"@type\":\"ImageObject\",\"inLanguage\":\"es\",\"@id\":\"https:\\\/\\\/caretrulyhealthcare.com\\\/en\\\/job\\\/community-outreach-coordinator\\\/#primaryimage\",\"url\":\"https:\\\/\\\/caretrulyhealthcare.com\\\/wp-content\\\/uploads\\\/2020\\\/08\\\/cropped-favicon-01.png\",\"contentUrl\":\"https:\\\/\\\/caretrulyhealthcare.com\\\/wp-content\\\/uploads\\\/2020\\\/08\\\/cropped-favicon-01.png\",\"width\":512,\"height\":512},{\"@type\":\"BreadcrumbList\",\"@id\":\"https:\\\/\\\/caretrulyhealthcare.com\\\/en\\\/job\\\/community-outreach-coordinator\\\/#breadcrumb\",\"itemListElement\":[{\"@type\":\"ListItem\",\"position\":1,\"name\":\"Home\",\"item\":\"https:\\\/\\\/caretrulyhealthcare.com\\\/en\\\/\"},{\"@type\":\"ListItem\",\"position\":2,\"name\":\"Community Outreach Coordinator\"}]},{\"@type\":\"WebSite\",\"@id\":\"https:\\\/\\\/caretrulyhealthcare.com\\\/en\\\/#website\",\"url\":\"https:\\\/\\\/caretrulyhealthcare.com\\\/en\\\/\",\"name\":\"Caretruly\",\"description\":\"Personal Care Services in Milwaukee | Senior Heart Health &amp; August Month of the Heart\",\"publisher\":{\"@id\":\"https:\\\/\\\/caretrulyhealthcare.com\\\/en\\\/#organization\"},\"potentialAction\":[{\"@type\":\"SearchAction\",\"target\":{\"@type\":\"EntryPoint\",\"urlTemplate\":\"https:\\\/\\\/caretrulyhealthcare.com\\\/en\\\/?s={search_term_string}\"},\"query-input\":{\"@type\":\"PropertyValueSpecification\",\"valueRequired\":true,\"valueName\":\"search_term_string\"}}],\"inLanguage\":\"es\"},{\"@type\":\"Organization\",\"@id\":\"https:\\\/\\\/caretrulyhealthcare.com\\\/en\\\/#organization\",\"name\":\"Caretruly Healthcare\",\"url\":\"https:\\\/\\\/caretrulyhealthcare.com\\\/en\\\/\",\"logo\":{\"@type\":\"ImageObject\",\"inLanguage\":\"es\",\"@id\":\"https:\\\/\\\/caretrulyhealthcare.com\\\/en\\\/#\\\/schema\\\/logo\\\/image\\\/\",\"url\":\"https:\\\/\\\/caretrulyhealthcare.com\\\/wp-content\\\/uploads\\\/2020\\\/08\\\/Asset-2.png\",\"contentUrl\":\"https:\\\/\\\/caretrulyhealthcare.com\\\/wp-content\\\/uploads\\\/2020\\\/08\\\/Asset-2.png\",\"width\":748,\"height\":228,\"caption\":\"Caretruly Healthcare\"},\"image\":{\"@id\":\"https:\\\/\\\/caretrulyhealthcare.com\\\/en\\\/#\\\/schema\\\/logo\\\/image\\\/\"}}]}<\/script>\n<!-- \/ Yoast SEO plugin. -->","yoast_head_json":{"title":"Coordinador\/a de Extensi\u00f3n Comunitaria - Caretruly","robots":{"index":"index","follow":"follow","max-snippet":"max-snippet:-1","max-image-preview":"max-image-preview:large","max-video-preview":"max-video-preview:-1"},"canonical":"https:\/\/caretrulyhealthcare.com\/es\/job\/community-outreach-coordinator\/","og_locale":"es_ES","og_type":"article","og_title":"Community Outreach Coordinator - Caretruly","og_description":"Summary: Under the direction of the Marketing Director, the Community Outreach Coordinator is responsible for building relationships, identifying client specifications, promote company programs and services, raise awareness about company\u2019s vision and mission and monitor all community outreach activities with the goal of fostering positive community engagement and impact. This position reports to the management team [&hellip;]","og_url":"https:\/\/caretrulyhealthcare.com\/es\/job\/community-outreach-coordinator\/","og_site_name":"Caretruly","article_modified_time":"2025-04-07T19:54:15+00:00","og_image":[{"width":512,"height":512,"url":"https:\/\/caretrulyhealthcare.com\/wp-content\/uploads\/2020\/08\/cropped-favicon-01.png","type":"image\/png"}],"twitter_card":"summary_large_image","twitter_misc":{"Tiempo de lectura":"4 minutos"},"schema":{"@context":"https:\/\/schema.org","@graph":[{"@type":"WebPage","@id":"https:\/\/caretrulyhealthcare.com\/en\/job\/community-outreach-coordinator\/","url":"https:\/\/caretrulyhealthcare.com\/en\/job\/community-outreach-coordinator\/","name":"Coordinador\/a de Extensi\u00f3n Comunitaria - Caretruly","isPartOf":{"@id":"https:\/\/caretrulyhealthcare.com\/en\/#website"},"primaryImageOfPage":{"@id":"https:\/\/caretrulyhealthcare.com\/en\/job\/community-outreach-coordinator\/#primaryimage"},"image":{"@id":"https:\/\/caretrulyhealthcare.com\/en\/job\/community-outreach-coordinator\/#primaryimage"},"thumbnailUrl":"https:\/\/caretrulyhealthcare.com\/wp-content\/uploads\/2020\/08\/cropped-favicon-01.png","datePublished":"2025-03-12T19:47:01+00:00","dateModified":"2025-04-07T19:54:15+00:00","breadcrumb":{"@id":"https:\/\/caretrulyhealthcare.com\/en\/job\/community-outreach-coordinator\/#breadcrumb"},"inLanguage":"es","potentialAction":[{"@type":"ReadAction","target":["https:\/\/caretrulyhealthcare.com\/en\/job\/community-outreach-coordinator\/"]}]},{"@type":"ImageObject","inLanguage":"es","@id":"https:\/\/caretrulyhealthcare.com\/en\/job\/community-outreach-coordinator\/#primaryimage","url":"https:\/\/caretrulyhealthcare.com\/wp-content\/uploads\/2020\/08\/cropped-favicon-01.png","contentUrl":"https:\/\/caretrulyhealthcare.com\/wp-content\/uploads\/2020\/08\/cropped-favicon-01.png","width":512,"height":512},{"@type":"BreadcrumbList","@id":"https:\/\/caretrulyhealthcare.com\/en\/job\/community-outreach-coordinator\/#breadcrumb","itemListElement":[{"@type":"ListItem","position":1,"name":"Home","item":"https:\/\/caretrulyhealthcare.com\/en\/"},{"@type":"ListItem","position":2,"name":"Community Outreach Coordinator"}]},{"@type":"WebSite","@id":"https:\/\/caretrulyhealthcare.com\/en\/#website","url":"https:\/\/caretrulyhealthcare.com\/en\/","name":"Con cuidado","description":"Servicios de cuidado personal en Milwaukee | Salud card\u00edaca para adultos mayores y agosto, Mes del Coraz\u00f3n","publisher":{"@id":"https:\/\/caretrulyhealthcare.com\/en\/#organization"},"potentialAction":[{"@type":"SearchAction","target":{"@type":"EntryPoint","urlTemplate":"https:\/\/caretrulyhealthcare.com\/en\/?s={search_term_string}"},"query-input":{"@type":"PropertyValueSpecification","valueRequired":true,"valueName":"search_term_string"}}],"inLanguage":"es"},{"@type":"Organization","@id":"https:\/\/caretrulyhealthcare.com\/en\/#organization","name":"Atenci\u00f3n sanitaria de Caretruly","url":"https:\/\/caretrulyhealthcare.com\/en\/","logo":{"@type":"ImageObject","inLanguage":"es","@id":"https:\/\/caretrulyhealthcare.com\/en\/#\/schema\/logo\/image\/","url":"https:\/\/caretrulyhealthcare.com\/wp-content\/uploads\/2020\/08\/Asset-2.png","contentUrl":"https:\/\/caretrulyhealthcare.com\/wp-content\/uploads\/2020\/08\/Asset-2.png","width":748,"height":228,"caption":"Caretruly Healthcare"},"image":{"@id":"https:\/\/caretrulyhealthcare.com\/en\/#\/schema\/logo\/image\/"}}]}},"_links":{"self":[{"href":"https:\/\/caretrulyhealthcare.com\/es\/wp-json\/wp\/v2\/job-listings\/953","targetHints":{"allow":["GET"]}}],"collection":[{"href":"https:\/\/caretrulyhealthcare.com\/es\/wp-json\/wp\/v2\/job-listings"}],"about":[{"href":"https:\/\/caretrulyhealthcare.com\/es\/wp-json\/wp\/v2\/types\/job_listing"}],"author":[{"embeddable":true,"href":"https:\/\/caretrulyhealthcare.com\/es\/wp-json\/wp\/v2\/users\/5"}],"wp:featuredmedia":[{"embeddable":true,"href":"https:\/\/caretrulyhealthcare.com\/es\/wp-json\/wp\/v2\/media\/82"}],"wp:attachment":[{"href":"https:\/\/caretrulyhealthcare.com\/es\/wp-json\/wp\/v2\/media?parent=953"}],"wp:term":[{"taxonomy":"job_listing_type","embeddable":true,"href":"https:\/\/caretrulyhealthcare.com\/es\/wp-json\/wp\/v2\/job-types?post=953"}],"curies":[{"name":"wp","href":"https:\/\/api.w.org\/{rel}","templated":true}]}}